{"id":57892,"date":"2025-11-18T09:42:31","date_gmt":"2025-11-18T12:42:31","guid":{"rendered":"https:\/\/ebpbahia.com.br\/jornadas\/2025\/?page_id=57892"},"modified":"2025-11-23T08:18:58","modified_gmt":"2025-11-23T11:18:58","slug":"plenarias","status":"publish","type":"page","link":"https:\/\/ebpbahia.com.br\/jornadas\/2025\/plenarias\/","title":{"rendered":"Plen\u00e1rias"},"content":{"rendered":"<div class=\"wpb-content-wrapper\"><p>[vc_row][vc_column][vc_column_text css=&#8221;.vc_custom_1763896698270{margin-top: 0px !important;margin-right: 0px !important;margin-bottom: 15px !important;margin-left: 0px !important;}&#8221;]<\/p>\n<h3><span style=\"color: #ff0000;\"><strong>Abertura das Plen\u00e1rias das XXIX Jornadas da EBP-Ba<\/strong><\/span><\/h3>\n<h5><em>S\u00f4nia Vicente<\/em><\/h5>\n<p>[\/vc_column_text]<style type=\"text\/css\" data-type=\"the7_shortcodes-inline-css\">#default-btn-0ece0cc68d9dc54a0eb77179130d5f32.ico-right-side > i {\n  margin-right: 0px;\n  margin-left: 8px;\n}\n#default-btn-0ece0cc68d9dc54a0eb77179130d5f32 > i {\n  margin-right: 8px;\n}<\/style><a href=\"https:\/\/ebpbahia.com.br\/jornadas\/2025\/abertura-das-plenarias-das-xxix-jornadas-da-ebp-ba\/\" class=\"default-btn-shortcode dt-btn dt-btn-s link-hover-off btn-inline-left  vc_custom_1763896704390\" id=\"default-btn-0ece0cc68d9dc54a0eb77179130d5f32\" title=\"O QUE PASSA NAS ENTREVISTAS PRELIMINARES?\"><span>Leia+<\/span><\/a>[vc_empty_space][vc_separator color=&#8221;juicy_pink&#8221; css=&#8221;&#8221;][vc_empty_space][vc_column_text css=&#8221;&#8221;]<\/p>\n<h3><span style=\"color: #ff0000;\">Plen\u00e1ria 1: No inicio \u00e9 o verbo<\/span><\/h3>\n<ul>\n<li>Luiz Mena -coordenador<\/li>\n<li>Iordan Gurgel<\/li>\n<li>Claudio Melo<\/li>\n<li>Milena Nadier<\/li>\n<li>Liliane Sales<\/li>\n<li>Rog\u00e9rio Paes Henriques<\/li>\n<li>Pedro Ivo<\/li>\n<li>Kleyane Lima<\/li>\n<li>Camila Abreu<\/li>\n<\/ul>\n<p>[\/vc_column_text][vc_column_text css=&#8221;.vc_custom_1763470697363{margin-top: 0px !important;margin-right: 0px !important;margin-bottom: 15px !important;margin-left: 0px !important;}&#8221;]<\/p>\n<h4><span style=\"color: #ff0000;\">Fundamento<\/span><\/h4>\n<h5><em>Milena Nadier<\/em><\/h5>\n<p>[\/vc_column_text]<style type=\"text\/css\" data-type=\"the7_shortcodes-inline-css\">#default-btn-1e4ae0e054c9be66e01ef365cfd843e4.ico-right-side > i {\n  margin-right: 0px;\n  margin-left: 8px;\n}\n#default-btn-1e4ae0e054c9be66e01ef365cfd843e4 > i {\n  margin-right: 8px;\n}<\/style><a href=\"https:\/\/ebpbahia.com.br\/jornadas\/2025\/fundamento\/\" class=\"default-btn-shortcode dt-btn dt-btn-s link-hover-off btn-inline-left  vc_custom_1763470244852\" id=\"default-btn-1e4ae0e054c9be66e01ef365cfd843e4\" title=\"O QUE PASSA NAS ENTREVISTAS PRELIMINARES?\"><span>Leia+<\/span><\/a>[vc_empty_space][vc_column_text css=&#8221;.vc_custom_1763470581842{margin-top: 0px !important;margin-right: 0px !important;margin-bottom: 15px !important;margin-left: 0px !important;}&#8221;]<\/p>\n<h4><span style=\"color: #ff0000;\">Entre a transfer\u00eancia e o ato: o desejo do analista como operador da entrada em an\u00e1lise<\/span><\/h4>\n<h5>Cl\u00e1udio Melo<\/h5>\n<p>[\/vc_column_text]<style type=\"text\/css\" data-type=\"the7_shortcodes-inline-css\">#default-btn-86b682d7a98dfc2ebdfce8f363cf153b.ico-right-side > i {\n  margin-right: 0px;\n  margin-left: 8px;\n}\n#default-btn-86b682d7a98dfc2ebdfce8f363cf153b > i {\n  margin-right: 8px;\n}<\/style><a href=\"https:\/\/ebpbahia.com.br\/jornadas\/2025\/entre-a-transferencia-e-o-ato-o-desejo-do-analista-como-operador-da-entrada-em-analise\/\" class=\"default-btn-shortcode dt-btn dt-btn-s link-hover-off btn-inline-left  vc_custom_1763470595777\" id=\"default-btn-86b682d7a98dfc2ebdfce8f363cf153b\" title=\"O QUE PASSA NAS ENTREVISTAS PRELIMINARES?\"><span>Leia+<\/span><\/a>[vc_empty_space][\/vc_column][\/vc_row][vc_row][vc_column][vc_separator color=&#8221;pink&#8221; css=&#8221;&#8221;][\/vc_column][\/vc_row][vc_row][vc_column][vc_column_text css=&#8221;&#8221;]<\/p>\n<h3><span style=\"color: #ff0000;\">Plen\u00e1ria 2: Da forma\u00e7\u00e3o do sintoma \u00e0 trilha do fantasma<\/span><\/h3>\n<ul>\n<li>Paulo Gabrielli &#8211; coordenador<\/li>\n<li>Ethel Poll<\/li>\n<li>Graziela Pires<\/li>\n<li>Jo\u00e3o Klaus<\/li>\n<li>Mar\u00edlia Santiago<\/li>\n<li>T\u00e2nia Porto<\/li>\n<li>Wilker Fran\u00e7a<\/li>\n<\/ul>\n<p>[\/vc_column_text][vc_column_text css=&#8221;.vc_custom_1763470683136{margin-top: 0px !important;margin-right: 0px !important;margin-bottom: 15px !important;margin-left: 0px !important;}&#8221;]<\/p>\n<h4><span style=\"color: #ff0000;\">O que se passa nas entrevistas preliminares<\/span><\/h4>\n<h5>J. KLAUS SEYDEL<\/h5>\n<p>[\/vc_column_text]<style type=\"text\/css\" data-type=\"the7_shortcodes-inline-css\">#default-btn-1115a5981ed10237f14de89aee07ac0d.ico-right-side > i {\n  margin-right: 0px;\n  margin-left: 8px;\n}\n#default-btn-1115a5981ed10237f14de89aee07ac0d > i {\n  margin-right: 8px;\n}<\/style><a href=\"https:\/\/ebpbahia.com.br\/jornadas\/2025\/o-que-passa-nas-entrevistas-preliminares\/\" class=\"default-btn-shortcode dt-btn dt-btn-s link-hover-off btn-inline-left  vc_custom_1763470001559\" id=\"default-btn-1115a5981ed10237f14de89aee07ac0d\" title=\"O QUE PASSA NAS ENTREVISTAS PRELIMINARES?\"><span>Leia+<\/span><\/a>[vc_empty_space][vc_column_text css=&#8221;.vc_custom_1763470667249{margin-top: 0px !important;margin-right: 0px !important;margin-bottom: 15px !important;margin-left: 0px !important;}&#8221;]<\/p>\n<h4><span style=\"color: #ff0000;\">Os dois-pontos e suas tor\u00e7\u00f5es: sintoma, gozo e fantasma<\/span><\/h4>\n<h5>Wilker Fran\u00e7a &#8211; Associado do IPB<\/h5>\n<p>[\/vc_column_text]<style type=\"text\/css\" data-type=\"the7_shortcodes-inline-css\">#default-btn-70652ff43ccc96bb45aaf19eee515864.ico-right-side > i {\n  margin-right: 0px;\n  margin-left: 8px;\n}\n#default-btn-70652ff43ccc96bb45aaf19eee515864 > i {\n  margin-right: 8px;\n}<\/style><a href=\"https:\/\/ebpbahia.com.br\/jornadas\/2025\/os-dois-pontos-e-suas-torcoes-sintoma-gozo-e-fantasma\/\" class=\"default-btn-shortcode dt-btn dt-btn-s link-hover-off btn-inline-left  vc_custom_1763470372240\" id=\"default-btn-70652ff43ccc96bb45aaf19eee515864\" title=\"O QUE PASSA NAS ENTREVISTAS PRELIMINARES?\"><span>Leia+<\/span><\/a>[vc_empty_space][\/vc_column][\/vc_row][vc_row][vc_column][vc_separator color=&#8221;pink&#8221; css=&#8221;&#8221;][\/vc_column][\/vc_row][vc_row][vc_column][vc_column_text css=&#8221;&#8221;]<\/p>\n<h3><span style=\"color: #ff0000;\">Plen\u00e1ria 3: Os impa(R)sses contempor\u00e2neos<\/span><\/h3>\n<ul>\n<li>Rog\u00e9rio Barros &#8211; coordenador<\/li>\n<li>Camilla Costa<\/li>\n<li>Clara Melo<\/li>\n<li>Graziela Vasconcelos<\/li>\n<li>J\u00falia Jones<\/li>\n<li>J\u00falia Solano<\/li>\n<li>Samyra Assad<\/li>\n<li>Virg\u00ednia Dazzani<\/li>\n<\/ul>\n<p>[\/vc_column_text][vc_column_text css=&#8221;.vc_custom_1763470661332{margin-top: 0px !important;margin-right: 0px !important;margin-bottom: 15px !important;margin-left: 0px !important;}&#8221;]<\/p>\n<h4><span style=\"color: #ff0000;\">O parceiro-analista nas trincheiras das \u201csubjetividades sem causa&#8221;<\/span><\/h4>\n<h5>Virg\u00ednia Dazzani<\/h5>\n<p>[\/vc_column_text]<style type=\"text\/css\" data-type=\"the7_shortcodes-inline-css\">#default-btn-0e80b7b7158fffdaf82808643b603ec9.ico-right-side > i {\n  margin-right: 0px;\n  margin-left: 8px;\n}\n#default-btn-0e80b7b7158fffdaf82808643b603ec9 > i {\n  margin-right: 8px;\n}<\/style><a href=\"https:\/\/ebpbahia.com.br\/jornadas\/2025\/o-parceiro-analista-nas-trincheiras-das-subjetividades-sem-causa1\/\" class=\"default-btn-shortcode dt-btn dt-btn-s link-hover-off btn-inline-left  vc_custom_1763470434351\" id=\"default-btn-0e80b7b7158fffdaf82808643b603ec9\" title=\"O QUE PASSA NAS ENTREVISTAS PRELIMINARES?\"><span>Leia+<\/span><\/a>[vc_empty_space][vc_column_text css=&#8221;.vc_custom_1763541291042{margin-top: 0px !important;margin-right: 0px !important;margin-bottom: 15px !important;margin-left: 0px !important;}&#8221;]<\/p>\n<h4><span style=\"color: #ff0000;\">Ler os sintomas contempor\u00e2neos<\/span><\/h4>\n<h5>Julia Solano<\/h5>\n<p>[\/vc_column_text]<style type=\"text\/css\" data-type=\"the7_shortcodes-inline-css\">#default-btn-8072b38d2da84a66645c4faf7ebd2da1.ico-right-side > i {\n  margin-right: 0px;\n  margin-left: 8px;\n}\n#default-btn-8072b38d2da84a66645c4faf7ebd2da1 > i {\n  margin-right: 8px;\n}<\/style><a href=\"https:\/\/ebpbahia.com.br\/jornadas\/2025\/ler-os-sintomas-contemporaneos\/\" class=\"default-btn-shortcode dt-btn dt-btn-s link-hover-off btn-inline-left  vc_custom_1763541302500\" id=\"default-btn-8072b38d2da84a66645c4faf7ebd2da1\" title=\"O QUE PASSA NAS ENTREVISTAS PRELIMINARES?\"><span>Leia+<\/span><\/a>[vc_empty_space][\/vc_column][\/vc_row][vc_row][vc_column][vc_separator color=&#8221;pink&#8221; css=&#8221;&#8221;][\/vc_column][\/vc_row][vc_row][vc_column][vc_column_text css=&#8221;&#8221;]<\/p>\n<h3><span style=\"color: #ff0000;\">Plen\u00e1ria 4: Tornar-se analista : uma experi\u00eancia ( Conselho da EBP-Ba)<\/span><\/h3>\n<ul>\n<li>Analicea Calmon-coordenadora<\/li>\n<li>Monica Hage<\/li>\n<li>Pablo Sauce<\/li>\n<li>Alessia Fontenelle<\/li>\n<li>F\u00e1tima Sarmento<\/li>\n<li>Lucy de Castro<\/li>\n<\/ul>\n<p>[\/vc_column_text][vc_column_text css=&#8221;.vc_custom_1763470641537{margin-top: 0px !important;margin-right: 0px !important;margin-bottom: 15px !important;margin-left: 0px !important;}&#8221;]<\/p>\n<h4><span style=\"color: #ff0000;\">Da ignor\u00e2ncia, ao desejo de saber<\/span><\/h4>\n<h5>Lucy de Castro (EBP\/AMP)<\/h5>\n<p>[\/vc_column_text]<style type=\"text\/css\" data-type=\"the7_shortcodes-inline-css\">#default-btn-d77527f11bde35933e2cb2077d76dd5c.ico-right-side > i {\n  margin-right: 0px;\n  margin-left: 8px;\n}\n#default-btn-d77527f11bde35933e2cb2077d76dd5c > i {\n  margin-right: 8px;\n}<\/style><a href=\"https:\/\/ebpbahia.com.br\/jornadas\/2025\/da-ignorancia-ao-desejo-de-saber\/\" class=\"default-btn-shortcode dt-btn dt-btn-s link-hover-off btn-inline-left  vc_custom_1763470182808\" id=\"default-btn-d77527f11bde35933e2cb2077d76dd5c\" title=\"O QUE PASSA NAS ENTREVISTAS PRELIMINARES?\"><span>Leia+<\/span><\/a>[vc_empty_space][vc_column_text css=&#8221;.vc_custom_1763470636138{margin-top: 0px !important;margin-right: 0px !important;margin-bottom: 15px !important;margin-left: 0px !important;}&#8221;]<\/p>\n<h4><span style=\"color: #ff0000;\">\u201cO analista, a forma\u00e7\u00e3o e a experi\u00eancia\u201d<\/span><\/h4>\n<h5><em>M\u00f4nica Hage (EBP\/AMP)<\/em><\/h5>\n<p>[\/vc_column_text]<style type=\"text\/css\" data-type=\"the7_shortcodes-inline-css\">#default-btn-b94c13135557c221f020a5376cc71c7c.ico-right-side > i {\n  margin-right: 0px;\n  margin-left: 8px;\n}\n#default-btn-b94c13135557c221f020a5376cc71c7c > i {\n  margin-right: 8px;\n}<\/style><a href=\"https:\/\/ebpbahia.com.br\/jornadas\/2025\/o-analista-a-formacao-e-a-experiencia\/\" class=\"default-btn-shortcode dt-btn dt-btn-s link-hover-off btn-inline-left  vc_custom_1763470321874\" id=\"default-btn-b94c13135557c221f020a5376cc71c7c\" title=\"O QUE PASSA NAS ENTREVISTAS PRELIMINARES?\"><span>Leia+<\/span><\/a>[\/vc_column][\/vc_row]<\/p>\n<\/div>","protected":false},"excerpt":{"rendered":"<p>[vc_row][vc_column][vc_column_text css=&#8221;.vc_custom_1763896698270{margin-top: 0px !important;margin-right: 0px !important;margin-bottom: 15px !important;margin-left: 0px !important;}&#8221;] Abertura das Plen\u00e1rias das XXIX Jornadas da EBP-Ba S\u00f4nia Vicente [\/vc_column_text][vc_empty_space][vc_separator color=&#8221;juicy_pink&#8221; css=&#8221;&#8221;][vc_empty_space][vc_column_text css=&#8221;&#8221;] Plen\u00e1ria 1: No inicio \u00e9 o verbo Luiz Mena -coordenador Iordan Gurgel Claudio Melo Milena Nadier Liliane Sales Rog\u00e9rio Paes Henriques Pedro Ivo Kleyane Lima Camila Abreu [\/vc_column_text][vc_column_text css=&#8221;.vc_custom_1763470697363{margin-top: 0px !important;margin-right:&hellip;<\/p>\n","protected":false},"author":1,"featured_media":0,"parent":0,"menu_order":0,"comment_status":"closed","ping_status":"closed","template":"","meta":{"footnotes":""},"class_list":["post-57892","page","type-page","status-publish","hentry","description-off"],"_links":{"self":[{"href":"https:\/\/ebpbahia.com.br\/jornadas\/2025\/wp-json\/wp\/v2\/pages\/57892","targetHints":{"allow":["GET"]}}],"collection":[{"href":"https:\/\/ebpbahia.com.br\/jornadas\/2025\/wp-json\/wp\/v2\/pages"}],"about":[{"href":"https:\/\/ebpbahia.com.br\/jornadas\/2025\/wp-json\/wp\/v2\/types\/page"}],"author":[{"embeddable":true,"href":"https:\/\/ebpbahia.com.br\/jornadas\/2025\/wp-json\/wp\/v2\/users\/1"}],"replies":[{"embeddable":true,"href":"https:\/\/ebpbahia.com.br\/jornadas\/2025\/wp-json\/wp\/v2\/comments?post=57892"}],"version-history":[{"count":13,"href":"https:\/\/ebpbahia.com.br\/jornadas\/2025\/wp-json\/wp\/v2\/pages\/57892\/revisions"}],"predecessor-version":[{"id":57912,"href":"https:\/\/ebpbahia.com.br\/jornadas\/2025\/wp-json\/wp\/v2\/pages\/57892\/revisions\/57912"}],"wp:attachment":[{"href":"https:\/\/ebpbahia.com.br\/jornadas\/2025\/wp-json\/wp\/v2\/media?parent=57892"}],"curies":[{"name":"wp","href":"https:\/\/api.w.org\/{rel}","templated":true}]}}