{"id":57637,"date":"2025-03-30T08:20:15","date_gmt":"2025-03-30T11:20:15","guid":{"rendered":"https:\/\/ebpbahia.com.br\/jornadas\/2025\/?page_id=57637"},"modified":"2025-11-19T20:45:59","modified_gmt":"2025-11-19T23:45:59","slug":"programa","status":"publish","type":"page","link":"https:\/\/ebpbahia.com.br\/jornadas\/2025\/programa\/","title":{"rendered":"PROGRAMA"},"content":{"rendered":"<div class=\"wpb-content-wrapper\"><p>[vc_row][vc_column width=&#8221;2\/3&#8243;][vc_column_text css=&#8221;&#8221;]<\/p>\n<h2><span style=\"color: #ff0000;\">SEXTA-FEIRA \u2022 21 NOV<\/span><\/h2>\n<h3><span style=\"color: #ff0000;\">07:15 &#8211; 08H00<span style=\"color: #000000;\"> &#8211;<\/span> <\/span>CREDENCIAMENTO<\/h3>\n<h3><span style=\"color: #ff0000;\">08H0 &#8211; 08H20<span style=\"color: #000000;\"> &#8211;<\/span> <\/span>ABERTURA<\/h3>\n<ul>\n<li>Marcelo Magnelli &#8211; Diretor da EBP Bahia<\/li>\n<li>Marcelo Veras &#8211; Coordenador das XXIX Jornadas da EBP Bahia<\/li>\n<\/ul>\n<h3>JORNADA CL\u00cdNICA<\/h3>\n<h3><span style=\"color: #ff0000;\"><span style=\"color: #000000;\"><span style=\"color: #ff0000;\">08H20 a 08H30<\/span> &#8211;<\/span> <\/span>ABERTURA<\/h3>\n<ul>\n<li>T\u00e3nia Abreu &#8211; Coordenadora da Jornada Cl\u00ednica<\/li>\n<\/ul>\n<h3><span style=\"color: #ff0000;\"><span style=\"color: #000000;\"><span style=\"color: #ff0000;\">08H30 a 09H45<\/span> &#8211;<\/span> <span style=\"color: #000000;\">MESA 1 &#8211;<\/span> <\/span>DIRETO AO PONTO<\/h3>\n<ul>\n<li>Ana Stela Sande &#8211; <em>Um percurso de entrevistas preliminares<\/em><\/li>\n<li>Eliana Bentes Castro &#8211; <em>\u201cSou um lixo! &#8211; n\u00e3o tenho sa\u00edda.\u201d<\/em><\/li>\n<li>Maria Cristina Drummond \u2013<em> A entrada em an\u00e1lise n\u00e3o sem os objetos do pai<\/em><\/li>\n<li>Michelle Sena &#8211; <em>Encher o corpo<\/em><\/li>\n<li>Qu\u00e9zia Menezes da Paz &#8211; <em>O filho (des)esperado<\/em>\n<ul>\n<li><em>Coordena: T\u00e2nia Abreu<\/em><\/li>\n<\/ul>\n<\/li>\n<\/ul>\n<h3><span style=\"color: #ff0000;\">09H45 &#8211; 11H00<span style=\"color: #000000;\"> &#8211;<\/span> <\/span>MESA 2 \u2013 Quando a inven\u00e7\u00e3o instala a transfer\u00eancia<\/h3>\n<ul>\n<li>Arisa Hamada &#8211; <em>De objeto a s(e)ujeito: uma arquiteta e as suas estrat\u00e9gias para o encontro com o desejo<\/em><\/li>\n<li>Camila Nogueira do Nascimento &#8211; <em>Enlaces iniciais: Entre-vistas com uma adolescente em situa\u00e7\u00e3o de vulnerabilidade<\/em><\/li>\n<li>Lilian Beiguelman &#8211; <em>Entre o fantasma e o desejo: a crian\u00e7a em busca de um lugar pr\u00f3prio<\/em>\n<ul>\n<li><em>Coordena F\u00e1tima Sarmento<\/em><\/li>\n<\/ul>\n<\/li>\n<\/ul>\n<h3><span style=\"color: #ff0000;\">11h00 \u2013 12h00<span style=\"color: #000000;\"> &#8211;<\/span> <\/span>MESA 3 \u2013 O manejo da transfer\u00eancia e a entrada em an\u00e1lise<\/h3>\n<ul>\n<li>Clara Valverde Melo \u2013 <em>De fazer merda a fazer falar<\/em><\/li>\n<li>Marluce Carvalhal \u2013 <em>Uma porta aberta a ser atravessada<\/em><\/li>\n<li>Omar David Moreno-C\u00e1rdenas \u2013 <em>O dentro \u00e9 o fora em uma an\u00e1lise (des)afrocentrada<\/em>\n<ul>\n<li><em>Coordena: Carla Fernandes<\/em><\/li>\n<\/ul>\n<\/li>\n<\/ul>\n<h3><span style=\"color: #ff0000;\">12h 00\u2013 12h15<span style=\"color: #000000;\"> &#8211;<\/span> <\/span>Pontua\u00e7\u00f5es Cl\u00ednicas \u2013 R\u00f4mulo Ferreira<\/h3>\n<h3><span style=\"color: #ff0000;\">12h15 \u2013 13h30<span style=\"color: #000000;\"> &#8211;<\/span> <\/span>Almo\u00e7o<\/h3>\n<h3><span style=\"color: #ff0000;\">13h30 \u2013 14h45<span style=\"color: #000000;\"> &#8211;<\/span> <\/span>MESA 4 \u2013 Interpreta\u00e7\u00e3o que promove retifica\u00e7\u00e3o subjetiva<\/h3>\n<ul>\n<li>Ang\u00e9lica Ferreira Santini \u2013 <em>Da marca de gozo a um saber fazer<\/em><\/li>\n<li>Ant\u00f4nio L\u00f4bo Souza Neto \u2013 <em>Depois do ato falho te conto de meus romances, pai e drogas<\/em><\/li>\n<li>Beatriz de Souza Silva \u2013 <em>Aquele que cai<\/em>\n<ul>\n<li><em>Coordena: Luiza Sarno<\/em><\/li>\n<\/ul>\n<\/li>\n<\/ul>\n<h3><span style=\"color: #ff0000;\">14h45 \u2013 16h00<span style=\"color: #000000;\"> &#8211;<\/span> <\/span>MESA 5 \u2013 Interpreta\u00e7\u00e3o pelo equ\u00edvoco que afeta o corpo<\/h3>\n<ul>\n<li>Jo\u00e3o Campos \u2013 <em>Ler na fala um outro significante: a interpreta\u00e7\u00e3o desde o in\u00edcio<\/em><\/li>\n<li>Jos\u00e9 Augusto Rocha \u2013 <em>A l\u00edngua de cada um<\/em><\/li>\n<li>Nelson Matheus Silva \u2013 <em>Um branco<\/em>\n<ul>\n<li><em>Coordena: S\u00f4nia Vicente<\/em><\/li>\n<\/ul>\n<\/li>\n<\/ul>\n<h3><span style=\"color: #ff0000;\">16h00 \u2013 17h00<span style=\"color: #000000;\"> &#8211;<\/span> <\/span>MESA 6 \u2013 Um lugar para a palavra frente ao excesso<\/h3>\n<ul>\n<li>Elizabeth Medeiros \u2013 <em>Caso Sofia: dos cortes \u00e0s palavras<\/em><\/li>\n<li>Fernanda Dum\u00eat e Souza \u2013 <em>O lixo e o nada \u2013 Entrevistas preliminares com adolescentes na cl\u00ednica do excesso<\/em>\n<ul>\n<li><em>Coordena: Marcelo Magnelli<\/em><\/li>\n<\/ul>\n<\/li>\n<\/ul>\n<h3><span style=\"color: #ff0000;\">17h 00\u2013 18h15<span style=\"color: #000000;\"> &#8211;<\/span> <\/span>MESA 7 \u2013 Direto ao ponto<\/h3>\n<ul>\n<li>Alessandra Thomaz Rocha \u2013<em> Entrada em an\u00e1lise: do gozo enigm\u00e1tico do Um sozinho \u00e0 crian\u00e7a borboleta<\/em><\/li>\n<li>Bruno Emanuel Ramos de Oliveira \u2013 <em>Trans \u2013 Virtual<\/em><\/li>\n<li>Marta In\u00e9s Restrepo \u2013 <em>Que lugar para o psicanalista na psicose?<\/em><\/li>\n<li>Ord\u00e1lia Junqueira \u2013 <em>Uma an\u00e1lise que come\u00e7a, sob transfer\u00eancia<\/em><\/li>\n<li>Samyra Assad \u2013 <em>O corpo separado das palavras<\/em>\n<ul>\n<li><em>Coordena: Alessia Fontenelle<\/em><\/li>\n<\/ul>\n<\/li>\n<\/ul>\n<h3><span style=\"color: #ff0000;\">18h15 \u2013 18h30<span style=\"color: #000000;\"> &#8211;<\/span> <\/span>Pontua\u00e7\u00f5es Cl\u00ednicas \u2013 R\u00f4mulo Ferreira<\/h3>\n<h3><span style=\"color: #ff0000;\">18h30 \u2013 19h30<span style=\"color: #000000;\"> &#8211;<\/span> <\/span>Lan\u00e7amento do livro 3 Segundos com Lacan<\/h3>\n<ul>\n<li>Com Esthela Solano-Su\u00e1rez, Iordan Gurgel, Marcela Antelo e Pablo Sauce<\/li>\n<\/ul>\n<h3><span style=\"color: #ff0000;\">19h30 \u2013 21h00<span style=\"color: #000000;\"> &#8211;<\/span> <\/span>Coquetel e Sess\u00e3o de Aut\u00f3grafos<\/h3>\n<h2><\/h2>\n<h2><span style=\"color: #ff0000;\">S\u00c1BADO \u2022 22 NOV<\/span><\/h2>\n<h3><span style=\"color: #ff0000;\">08H00<span style=\"color: #000000;\"> &#8211;<\/span> <\/span>ABERTURA<\/h3>\n<p style=\"padding-left: 40px;\"><em>Sonia Vicente &#8211; Coordenadora da Comiss\u00e3o Cient\u00edfica<\/em><\/p>\n<h3><span style=\"color: #ff0000;\">08H15 &#8211; 09H45<span style=\"color: #000000;\"> &#8211;<\/span> <\/span>PLEN\u00c1RIA 1 &#8211; NO IN\u00cdCIO \u00c9 O VERBO<\/h3>\n<p><em>Apresentam<\/em><\/p>\n<ul>\n<li>Claudio Melo &#8211; <em>Entre a transfer\u00eancia e o ato: o desejo do analista como operador da entrada em an\u00e1lise<\/em><\/li>\n<li>Milena Nadier &#8211; <em>Fundamento<\/em>\n<ul>\n<li><em>Coordena: Luiz Mena<\/em><\/li>\n<\/ul>\n<\/li>\n<\/ul>\n<h3><span style=\"color: #ff0000;\">09H45 &#8211; 11H15<span style=\"color: #000000;\"> &#8211;<\/span> <\/span>PLEN\u00c1RIA 2 &#8211; DA FORMA\u00c7\u00c3O DO SINTOMA \u00c0 TRILHA DO FANTASMA<\/h3>\n<p><em>Apresentam<\/em><\/p>\n<ul>\n<li>Jo\u00e3o Klaus Seydel &#8211; <em>O que passa nas entrevistas preliminares?<\/em><\/li>\n<li>Wilker Fran\u00e7a &#8211; <em>Os dois-pontos e suas tor\u00e7\u00f5es: sintoma, gozo e fantasma<\/em>\n<ul>\n<li><em>Coordena: Paulo Gabrielli<\/em><\/li>\n<\/ul>\n<\/li>\n<\/ul>\n<h3><span style=\"color: #ff0000;\">11H15 &#8211; 12H45<span style=\"color: #000000;\"> &#8211;<\/span> <\/span>CONFER\u00caNCIA DOS ANALISTAS DA ESCOLA: O QUE DO FIM SE APRESENTA NO COME\u00c7O<\/h3>\n<ul>\n<li>Ondina Machado (AE)<\/li>\n<li><em>Comenta Esthela Solano-Su\u00e1rez<\/em>\n<ul>\n<li><em>Coordena: Marcelo Magnelli<\/em><\/li>\n<\/ul>\n<\/li>\n<\/ul>\n<h3><span style=\"color: #ff0000;\">12H45 &#8211; 14H15<span style=\"color: #000000;\"> &#8211;<\/span> <\/span>ALMO\u00c7O<\/h3>\n<h3><span style=\"color: #ff0000;\">14H15 &#8211; 15H45<span style=\"color: #000000;\"> &#8211;<\/span> <\/span>PLEN\u00c1RIA 3 &#8211; IMPA(R)SSES CONTEMPOR\u00c2NEOS<\/h3>\n<p><em>Apresentam<\/em><\/p>\n<ul>\n<li>Virg\u00ednia Dazzani &#8211; <em>O parceiro-analista nas trincheiras das \u201csubjetividades sem causa\u201d<\/em><\/li>\n<li>Julia Solano &#8211; <em>Ler os sintomas contempor\u00e2neos<\/em>\n<ul>\n<li><em>Coordena: Rog\u00e9rio Barros<\/em><\/li>\n<\/ul>\n<\/li>\n<\/ul>\n<h3><span style=\"color: #ff0000;\">15H45 &#8211; 17H15<span style=\"color: #000000;\"> &#8211;<\/span> <\/span>PLEN\u00c1RIA 4 &#8211; TORNAR-SE ANALISTA: UMA EXPERI\u00caNCIA (Conselho da EBP Bahia)<\/h3>\n<p><em>Apresentam<\/em><\/p>\n<ul>\n<li>Lucy de Castro &#8211; <em>Da ignor\u00e2ncia ao desejo de saber<\/em><\/li>\n<li>M\u00f4nica Hage (Presidente do Conselho da EBP Bahia) &#8211; <em>O analista, a forma\u00e7\u00e3o e a experi\u00eancia<\/em>\n<ul>\n<li><em>Coordena: Anal\u00edcea Calmon<\/em><\/li>\n<\/ul>\n<\/li>\n<\/ul>\n<h3><span style=\"color: #ff0000;\">17H15 &#8211; 18H45<span style=\"color: #000000;\"> &#8211;<\/span> <\/span>CONFER\u00caNCIA ESTHELA SOLANO-Su\u00e1rez: POR ONDE ENTRAR?<\/h3>\n<ul>\n<li>Coordena: Luiz Felipe Monteiro &#8211; Diretor da EBP<\/li>\n<\/ul>\n<h3><span style=\"color: #ff0000;\">18H45 &#8211; 19H00<span style=\"color: #000000;\"> &#8211;<\/span> <\/span>ENCERRAMENTO<\/h3>\n<ul>\n<li>Iordan Gurgel &#8211; An\u00fancio Congresso AMP<\/li>\n<li>Marcelo Veras &#8211; Agradecimentos<\/li>\n<\/ul>\n<h3><span style=\"color: #ff0000;\">19H30<span style=\"color: #000000;\"> &#8211;<\/span> <\/span>A SAIDEIRA &#8211; FESTA<\/h3>\n<p>[\/vc_column_text][\/vc_column][vc_column width=&#8221;1\/3&#8243;][vc_single_image image=&#8221;57863&#8243; img_size=&#8221;full&#8221; alignment=&#8221;center&#8221; css=&#8221;&#8221;]<style type=\"text\/css\" data-type=\"the7_shortcodes-inline-css\">#default-btn-b32e33cddbc4193e84470270143112f6.ico-right-side > i {\n  margin-right: 0px;\n  margin-left: 8px;\n}\n#default-btn-b32e33cddbc4193e84470270143112f6 > i {\n  margin-right: 8px;\n}<\/style><div class=\"btn-align-center\"><a href=\"https:\/\/ebpbahia.com.br\/jornadas\/2025\/wp-content\/uploads\/2025\/11\/PROGRAMA.pdf\" class=\"default-btn-shortcode dt-btn dt-btn-s link-hover-off ico-right-side \" id=\"default-btn-b32e33cddbc4193e84470270143112f6\"><span>DOWNLOAD PDF<\/span><i class=\"far fa-file-pdf\"><\/i><\/a><\/div>[\/vc_column][\/vc_row]<\/p>\n<\/div>","protected":false},"excerpt":{"rendered":"<p>[vc_row][vc_column width=&#8221;2\/3&#8243;][vc_column_text css=&#8221;&#8221;] SEXTA-FEIRA \u2022 21 NOV 07:15 &#8211; 08H00 &#8211; CREDENCIAMENTO 08H0 &#8211; 08H20 &#8211; ABERTURA Marcelo Magnelli &#8211; Diretor da EBP Bahia Marcelo Veras &#8211; Coordenador das XXIX Jornadas da EBP Bahia JORNADA CL\u00cdNICA 08H20 a 08H30 &#8211; ABERTURA T\u00e3nia Abreu &#8211; Coordenadora da Jornada Cl\u00ednica 08H30 a 09H45 &#8211; MESA 1 &#8211;&hellip;<\/p>\n","protected":false},"author":1,"featured_media":0,"parent":0,"menu_order":0,"comment_status":"closed","ping_status":"closed","template":"","meta":{"footnotes":""},"class_list":["post-57637","page","type-page","status-publish","hentry","description-off"],"_links":{"self":[{"href":"https:\/\/ebpbahia.com.br\/jornadas\/2025\/wp-json\/wp\/v2\/pages\/57637","targetHints":{"allow":["GET"]}}],"collection":[{"href":"https:\/\/ebpbahia.com.br\/jornadas\/2025\/wp-json\/wp\/v2\/pages"}],"about":[{"href":"https:\/\/ebpbahia.com.br\/jornadas\/2025\/wp-json\/wp\/v2\/types\/page"}],"author":[{"embeddable":true,"href":"https:\/\/ebpbahia.com.br\/jornadas\/2025\/wp-json\/wp\/v2\/users\/1"}],"replies":[{"embeddable":true,"href":"https:\/\/ebpbahia.com.br\/jornadas\/2025\/wp-json\/wp\/v2\/comments?post=57637"}],"version-history":[{"count":9,"href":"https:\/\/ebpbahia.com.br\/jornadas\/2025\/wp-json\/wp\/v2\/pages\/57637\/revisions"}],"predecessor-version":[{"id":57907,"href":"https:\/\/ebpbahia.com.br\/jornadas\/2025\/wp-json\/wp\/v2\/pages\/57637\/revisions\/57907"}],"wp:attachment":[{"href":"https:\/\/ebpbahia.com.br\/jornadas\/2025\/wp-json\/wp\/v2\/media?parent=57637"}],"curies":[{"name":"wp","href":"https:\/\/api.w.org\/{rel}","templated":true}]}}