{"id":57635,"date":"2025-03-30T08:19:53","date_gmt":"2025-03-30T11:19:53","guid":{"rendered":"https:\/\/ebpbahia.com.br\/jornadas\/2025\/?page_id=57635"},"modified":"2025-11-04T11:28:19","modified_gmt":"2025-11-04T14:28:19","slug":"acolhimento","status":"publish","type":"page","link":"https:\/\/ebpbahia.com.br\/jornadas\/2025\/acolhimento\/","title":{"rendered":"Acolhimento"},"content":{"rendered":"<div class=\"wpb-content-wrapper\"><p>[vc_row][vc_column][vc_column_text css=&#8221;&#8221;]<\/p>\n<h3><span style=\"color: #ff0000;\">HOSPEDAGEM WISH HOTEL DA BAHIA<\/span><\/h3>\n<div><span style=\"font-family: trebuchet ms, sans-serif;\">As reservas<b>\u00a0<\/b>devem\u00a0ser feitas atrav\u00e9s do\u00a0<a href=\"https:\/\/www.grupowish.com\/wish-hotel-da-bahia\"><b>site do hotel<\/b><\/a> e inserir o\u00a0promocode\u00a0(<b>EBPBAHIA<\/b>) para que seja aplicado o\u00a0desconto.<\/span><\/div>\n<div><span style=\"font-family: trebuchet ms, sans-serif;\">\u00a0<\/span><\/div>\n<div><span style=\"font-family: trebuchet ms, sans-serif;\">Segue abaixo o passo a passo para a utiliza\u00e7\u00e3o do\u00a0promocode\u00a0<b>pelo site<\/b>:<\/span><\/div>\n<div><span style=\"font-family: trebuchet ms, sans-serif;\">\u00a0<\/span><\/div>\n<div><span style=\"font-family: trebuchet ms, sans-serif;\"><b>Passo 1:<\/b>\u00a0Acesse o site<span style=\"color: #0000ff;\">\u00a0<\/span><a href=\"https:\/\/www.grupowish.com\/wish-hotel-da-bahia\" target=\"_blank\" rel=\"noopener noreferrer\" data-saferedirecturl=\"https:\/\/www.google.com\/url?q=https:\/\/www.grupowish.com\/wish-hotel-da-bahia&amp;source=gmail&amp;ust=1747246113765000&amp;usg=AOvVaw1EhXdDCMtyQEJKG43Bhycq\">https:\/\/www.grupowish.<wbr \/>com\/wish-hotel-da-bahia<\/a><\/span><\/div>\n<div><span style=\"font-family: trebuchet ms, sans-serif;\">\u00a0<\/span><\/div>\n<div><span style=\"font-family: trebuchet ms, sans-serif;\"><b>Passo 2:\u00a0<\/b>Selecione o hotel\u00a0Wish Hotel da Bahia, coloque o\u00a0per\u00edodo que deseja se hospedar (datas no per\u00edodo de 20\/11 a 23\/11\/2025)<b>.<\/b><br \/>\n<\/span><\/div>\n<div><b><span style=\"font-family: trebuchet ms, sans-serif;\">\u00a0<\/span><\/b><\/div>\n<div><span style=\"font-family: trebuchet ms, sans-serif;\"><b>Passo 3:<\/b>\u00a0Insira o\u00a0Promocode\u00a0<b>EBPBAHIA<\/b>\u00a0no campo\u00a0c\u00f3digo\u00a0promocional. Ap\u00f3s digitar o\u00a0promocode, clique em BUSCAR.<b><br \/>\n<\/b><\/span><\/div>\n<div><span style=\"font-family: trebuchet ms, sans-serif;\">\u00a0<\/span><\/div>\n<div><span style=\"font-family: trebuchet ms, sans-serif;\"><b>Passo 4:<\/b>\u00a0Depois\u00a0de\u00a0clicar em buscar, aproveite os valores especiais disponibilizados para a estadia dos seus convidados.<\/span><\/div>\n<p>[\/vc_column_text][\/vc_column][\/vc_row][vc_row][vc_column][vc_empty_space][vc_separator color=&#8221;juicy_pink&#8221; css=&#8221;&#8221;][vc_empty_space][\/vc_column][\/vc_row][vc_row][vc_column][vc_column_text css=&#8221;&#8221;]<\/p>\n<h3><span style=\"color: #ff0000;\">OUTROS HOT\u00c9IS<\/span><\/h3>\n<p><strong><span style=\"color: #ff0000;\">Hotel Bahia do Sol<\/span><\/strong><\/p>\n<p><strong>Dist\u00e2ncia:<\/strong> 0.5 km de Wish Hotel da Bahia<\/p>\n<p><strong>Avalia\u00e7\u00e3o:<\/strong>8,8<\/p>\n<p><strong>Bairro:<\/strong> Vit\u00f3ria<\/p>\n<p><strong>Di\u00e1ria:<\/strong> R$ 395,00<\/p>\n<p><a href=\"https:\/\/www.booking.com\/hotel\/br\/bahia-do-sol.html?ssne=Salvador&amp;ssne_untouched=Salvador&amp;highlighted_hotels=14093&amp;ss=Salvador&amp;dest_id=-667833&amp;dest_type=city&amp;hp_avform=1&amp;origin=hp&amp;do_availability_check=1&amp;label=hotel-14093-br-1jp30R2YmEZ1NYjYTFzG_AS447292216949%3Apl%3Ata%3Ap1%3Ap2%3Aac%3Aap%3Aneg%3Afi%3Atikwd-4470059664%3Alp9198184%3Ali%3Adec%3Adm%3Appccp%3DUmFuZG9tSVYkc2RlIyh9YbC4OlOULAnvcrFmvh1xnqM&amp;sid=602df1955953d95e2a8ebd8ad867c390&amp;aid=1726433&amp;lang=pt-br&amp;sb=1&amp;src_elem=sb&amp;src=hotel&amp;checkin=2025-11-20&amp;checkout=2025-11-23&amp;group_adults=1&amp;no_rooms=1&amp;group_children=0#availability_target\">Reserve<\/a><\/p>\n<hr \/>\n<p><span style=\"color: #ff0000;\"><strong>Sol Victoria Marina\u00a0\u00a0\u00a0\u00a0<\/strong><\/span><\/p>\n<p><strong>Dist\u00e2ncia:<\/strong> 0.6km de Wish Hotel da Bahia<\/p>\n<p><strong>Avalia\u00e7\u00e3o:<\/strong>7,8<\/p>\n<p><strong>Bairro:\u00a0<\/strong>Vit\u00f3ria<\/p>\n<p><strong>Di\u00e1ria:<\/strong> R$ 277,00<\/p>\n<p><a href=\"https:\/\/www.booking.com\/hotel\/br\/sol-victoria-marina.pt-br.html?aid=1726433&amp;label=hotel-14779-br-vFnSFOQYJRGLxNuZP4P7DgS438024327282%3Apl%3Ata%3Ap1%3Ap2%3Aac%3Aap%3Aneg%3Afi%3Atikwd-598283994410%3Alp9198184%3Ali%3Adec%3Adm%3Appccp%3DUmFuZG9tSVYkc2RlIyh9YbC4OlOULAnvcrFmvh1xnqM&amp;sid=602df1955953d95e2a8ebd8ad867c390&amp;age=0&amp;all_sr_blocks=1477902_366295973_2_2_0&amp;checkin=2025-11-19&amp;checkout=2025-11-23&amp;dest_id=-667833&amp;dest_type=city&amp;dist=0&amp;group_adults=1&amp;group_children=0&amp;hapos=1&amp;highlighted_blocks=1477902_366295973_2_2_0&amp;hpos=1&amp;matching_block_id=1477902_366295973_2_2_0&amp;no_rooms=1&amp;req_adults=1&amp;req_children=0&amp;room1=A&amp;sb_price_type=total&amp;sr_order=popularity&amp;sr_pri_blocks=1477902_366295973_2_2_0__98889&amp;srepoch=1746135824&amp;srpvid=4bff98c53f98035a&amp;type=total&amp;ucfs=1&amp;\">Reserve<\/a><\/p>\n<hr \/>\n<p><span style=\"color: #ff0000;\"><strong>Fera Palace Hotel\u00a0\u00a0\u00a0\u00a0\u00a0<\/strong><\/span><\/p>\n<p><strong>Dist\u00e2ncia:<\/strong> 1.6 km de Wish Hotel da Bahia<\/p>\n<p><strong>Avalia\u00e7\u00e3o:<\/strong>9<\/p>\n<p><strong>Bairro:<\/strong> Centro Hist\u00f3rico &#8211; Pelourinho<\/p>\n<p><strong>Di\u00e1ria:<\/strong> R$ 1.500,00<\/p>\n<p><a href=\"https:\/\/www.booking.com\/hotel\/br\/fera-palace.html?ssne=Salvador&amp;ssne_untouched=Salvador&amp;highlighted_hotels=1940259&amp;ss=Salvador&amp;dest_id=-667833&amp;dest_type=city&amp;hp_avform=1&amp;origin=hp&amp;do_availability_check=1&amp;label=fera-palace-KQFjbptZspQ5yh0B*XCuPQS455651314684%3Apl%3Ata%3Ap1%3Ap2%3Aac%3Aap%3Aneg%3Afi%3Atikwd-258706211657%3Alp9198184%3Ali%3Adec%3Adm%3Appccp%3DUmFuZG9tSVYkc2RlIyh9YbC4OlOULAnvcrFmvh1xnqM&amp;sid=602df1955953d95e2a8ebd8ad867c390&amp;aid=1726433&amp;lang=pt-br&amp;sb=1&amp;src_elem=sb&amp;src=hotel&amp;checkin=2025-11-19&amp;checkout=2025-11-23&amp;group_adults=1&amp;no_rooms=1&amp;group_children=0#availability_target\">Reserve<\/a><\/p>\n<hr \/>\n<p><span style=\"color: #ff0000;\"><strong>Hotel Casa do Amarelindo\u00a0\u00a0\u00a0\u00a0<\/strong><\/span><\/p>\n<p><strong>Dist\u00e2ncia:<\/strong> 2.2 km de Wish Hotel da Bahia<\/p>\n<p><strong>Avalia\u00e7\u00e3o:<\/strong> 9,5<\/p>\n<p><strong>Bairro:<\/strong> Centro Hist\u00f3rico &#8211; Carmo<\/p>\n<p><strong>Di\u00e1ria:<\/strong> R$ 942,00<\/p>\n<p><a href=\"https:\/\/www.booking.com\/hotel\/br\/casa-do-amarelindo.pt-br.html?aid=1726433&amp;label=casa-do-amarelindo-M2JhJ_cjQzkIQJZOZ_PNBgS438024327561%3Apl%3Ata%3Ap1%3Ap2%3Aac%3Aap%3Aneg%3Afi%3Atikwd-11185647165%3Alp9198184%3Ali%3Adec%3Adm%3Appccp%3DUmFuZG9tSVYkc2RlIyh9YbC4OlOULAnvcrFmvh1xnqM&amp;sid=602df1955953d95e2a8ebd8ad867c390&amp;age=0&amp;all_sr_blocks=27399104_93721831_1_41_0_236342&amp;checkin=2025-11-19&amp;checkout=2025-11-23&amp;dest_id=-667833&amp;dest_type=city&amp;dist=0&amp;group_adults=1&amp;group_children=0&amp;hapos=1&amp;highlighted_blocks=27399104_93721831_1_41_0_236342&amp;hpos=1&amp;matching_block_id=27399104_93721831_1_41_0_236342&amp;no_rooms=1&amp;req_adults=1&amp;req_children=0&amp;room1=A&amp;sb_price_type=total&amp;sr_order=popularity&amp;sr_pri_blocks=27399104_93721831_1_41_0_236342_327744&amp;srepoch=1746133862&amp;srpvid=15c594f0342c0487&amp;type=total&amp;ucfs=1&amp;\">Reserve<\/a><\/p>\n<hr \/>\n<p><span style=\"color: #ff0000;\"><strong>Vila Gal\u00e9 Salvador\u00a0\u00a0\u00a0\u00a0<\/strong><\/span><\/p>\n<p><strong>Dist\u00e2ncia:<\/strong> 2.5 km de Wish Hotel da Bahia<\/p>\n<p><strong>Avalia\u00e7\u00e3o:<\/strong>8,3<\/p>\n<p><strong>Bairro:<\/strong> Ondina<\/p>\n<p><strong>Di\u00e1ria:<\/strong> R$ 492,00<\/p>\n<p><a href=\"https:\/\/www.booking.com\/hotel\/br\/vila-gale-salvador-salvador.pt-br.html?aid=354415&amp;label=hotel-11889-br-Vz_2wjSRUzvEmNYVbGOg6wS99949960587%3Apl%3Ata%3Ap1%3Ap2%3Aac%3Aap%3Aneg%3Afi%3Atikwd-10763393215%3Alp9198184%3Ali%3Adec%3Adm%3Appccp%3DUmFuZG9tSVYkc2RlIyh9YbC4OlOULAnvcrFmvh1xnqM&amp;sid=602df1955953d95e2a8ebd8ad867c390&amp;all_sr_blocks=1188910_95134938_1_1_0&amp;checkin=2025-11-20&amp;checkout=2025-11-23&amp;dest_id=-667833&amp;dest_type=city&amp;dist=0&amp;group_adults=1&amp;group_children=0&amp;hapos=1&amp;highlighted_blocks=1188910_95134938_1_1_0&amp;hpos=1&amp;matching_block_id=1188910_95134938_1_1_0&amp;no_rooms=1&amp;req_adults=1&amp;req_children=0&amp;room1=A&amp;sb_price_type=total&amp;sr_order=popularity&amp;sr_pri_blocks=1188910_95134938_1_1_0__154980&amp;srepoch=1746133278&amp;srpvid=e19b938a7d820163&amp;type=total&amp;ucfs=1&amp;\">Reserve<\/a><\/p>\n<hr \/>\n<p><span style=\"color: #ff0000;\"><strong>Ondina Apart Hotel\u00a0\u00a0\u00a0\u00a0<\/strong><\/span><\/p>\n<p><strong>Dist\u00e2ncia:<\/strong> 2.9 km de Wish Hotel da Bahia<\/p>\n<p><strong>Avalia\u00e7\u00e3o:<\/strong>9.0<\/p>\n<p><strong>Di\u00e1ria:<\/strong> Ondina<\/p>\n<p>DI\u00e1ria R$ 343,00<\/p>\n<p><a href=\"https:\/\/www.booking.com\/hotel\/br\/ondina-apart-salvador2.en-gb.html?aid=2311236&amp;label=en-br-booking-desktop-K92x9mXw5Zb1mRLZCF7AqAS652796015976%3Apl%3Ata%3Ap1%3Ap2%3Aac%3Aap%3Aneg%3Afi%3Atikwd-65526620%3Alp9198184%3Ali%3Adec%3Adm&amp;sid=602df1955953d95e2a8ebd8ad867c390&amp;all_sr_blocks=210853803_232461025_2_0_0&amp;checkin=2025-11-20&amp;checkout=2025-11-24&amp;dest_id=-667833&amp;dest_type=city&amp;dist=0&amp;group_adults=1&amp;group_children=0&amp;hapos=6&amp;highlighted_blocks=210853803_232461025_2_0_0&amp;hpos=6&amp;matching_block_id=210853803_232461025_2_0_0&amp;nflt=ht_id%3D204%3Bht_id%3D203&amp;no_rooms=1&amp;req_adults=1&amp;req_children=0&amp;room1=A&amp;sb_price_type=total&amp;sr_order=popularity&amp;sr_pri_blocks=210853803_232461025_2_0_0__100000&amp;srepoch=1744736092&amp;srpvid=d4b276bc96ba00e0&amp;type=total&amp;ucfs=1&amp;\">Reserve<\/a><\/p>\n<hr \/>\n<p><span style=\"color: #ff0000;\"><strong>Hotel Catharina Paraguassu\u00a0<\/strong><\/span><\/p>\n<p><strong>Dist\u00e2ncia:<\/strong> 5.4km de Wish Hotel da Bahia<\/p>\n<p><strong>Avalia\u00e7\u00e3o:<\/strong>9.0<\/p>\n<p><strong>Bairro:<\/strong> Rio Vermelho<\/p>\n<p><strong>Di\u00e1ria:<\/strong> R$ 440,00<\/p>\n<p><a href=\"https:\/\/www.booking.com\/hotel\/br\/catharina-paraguacu.en-gb.html?aid=2311236&amp;label=en-br-booking-desktop-K92x9mXw5Zb1mRLZCF7AqAS652796015976%3Apl%3Ata%3Ap1%3Ap2%3Aac%3Aap%3Aneg%3Afi%3Atikwd-65526620%3Alp9198184%3Ali%3Adec%3Adm&amp;sid=602df1955953d95e2a8ebd8ad867c390&amp;all_sr_blocks=1785401_95142718_1_1_0&amp;checkin=2025-11-20&amp;checkout=2025-11-24&amp;dest_id=-667833&amp;dest_type=city&amp;dist=0&amp;group_adults=1&amp;group_children=0&amp;hapos=20&amp;highlighted_blocks=1785401_95142718_1_1_0&amp;hpos=20&amp;matching_block_id=1785401_95142718_1_1_0&amp;nflt=ht_id%3D204%3Bht_id%3D203&amp;no_rooms=1&amp;req_adults=1&amp;req_children=0&amp;room1=A&amp;sb_price_type=total&amp;sr_order=popularity&amp;sr_pri_blocks=1785401_95142718_1_1_0__141280&amp;srepoch=1744737954&amp;srpvid=d4b276bc96ba00e0&amp;type=total&amp;ucfs=1&amp;\">Reserve<\/a><\/p>\n<hr \/>\n<p><span style=\"color: #ff0000;\"><strong>Ibis Salvador Rio Vermelho<\/strong><\/span><\/p>\n<p><strong>Dist\u00e2ncia:<\/strong> 6.5km de Wish Hotel da Bahia<\/p>\n<p><strong>Avalia\u00e7\u00e3o:<\/strong>8.2<\/p>\n<p><strong>Di\u00e1ria:<\/strong> Rio Vermelho<\/p>\n<p><strong>Di\u00e1ria:<\/strong> R$ 297,00<\/p>\n<p><a href=\"https:\/\/www.booking.com\/hotel\/br\/ibis-salvador-rio-vermelho.pt-br.html?aid=356980&amp;label=gog235jc-1FCAsoIEIaaWJpcy1zYWx2YWRvci1yaW8tdmVybWVsaG9ILVgDaCCIAQGYAS24AQfIAQzYAQHoAQH4AQKIAgGoAgO4AozBz8AGwAIB0gIkMjExZmNmMTMtNzAyNC00OWJlLTg1N2QtMTQwYzk0NGZlYWU42AIF4AIB&amp;sid=602df1955953d95e2a8ebd8ad867c390&amp;all_sr_blocks=71812401_243734537_1_42_0&amp;checkin=2025-11-20&amp;checkout=2025-11-23&amp;dest_id=-667833&amp;dest_type=city&amp;dist=0&amp;group_adults=1&amp;group_children=0&amp;hapos=1&amp;highlighted_blocks=71812401_243734537_1_42_0&amp;hpos=1&amp;matching_block_id=71812401_243734537_1_42_0&amp;no_rooms=1&amp;req_adults=1&amp;req_children=0&amp;room1=A&amp;sb_price_type=total&amp;sr_order=popularity&amp;sr_pri_blocks=71812401_243734537_1_42_0__92000&amp;srepoch=1746133381&amp;srpvid=a7959386d1a50128&amp;type=total&amp;ucfs=1&amp;\">Reserve<\/a><\/p>\n<hr \/>\n<p><span style=\"color: #ff0000;\"><strong>Zank By Toque Hotel<\/strong><\/span><\/p>\n<p><strong>Dist\u00e2ncia:<\/strong> 4.9km de Wish Hotel da Bahia<\/p>\n<p><strong>Avalia\u00e7\u00e3o:<\/strong> 8,1<\/p>\n<p><strong>Bairro:<\/strong> Rio Vermelho<\/p>\n<p><strong>Di\u00e1ria:<\/strong> R$ 781,00<\/p>\n<p><a href=\"https:\/\/www.booking.com\/hotel\/br\/zank-boutique.pt-br.html?aid=1726433&amp;label=hotel-13669-br-JoKCrZoneQtIlJghcO4ifAS438024327267%3Apl%3Ata%3Ap1%3Ap2%3Aac%3Aap%3Aneg%3Afi%3Atikwd-74489571253%3Alp9198184%3Ali%3Adec%3Adm%3Appccp%3DUmFuZG9tSVYkc2RlIyh9YbC4OlOULAnvcrFmvh1xnqM&amp;sid=602df1955953d95e2a8ebd8ad867c390&amp;age=0&amp;all_sr_blocks=1366903_95137927_2_1_0&amp;checkin=2025-11-19&amp;checkout=2025-11-23&amp;dest_id=-667833&amp;dest_type=city&amp;dist=0&amp;group_adults=1&amp;group_children=0&amp;hapos=1&amp;highlighted_blocks=1366903_95137927_2_1_0&amp;hpos=1&amp;matching_block_id=1366903_95137927_2_1_0&amp;no_rooms=1&amp;req_adults=1&amp;req_children=0&amp;room1=A&amp;sb_price_type=total&amp;sr_order=popularity&amp;sr_pri_blocks=1366903_95137927_2_1_0__328000&amp;srepoch=1746133666&amp;srpvid=8aa0948f45ac0560&amp;type=total&amp;ucfs=1&amp;\">Reserve<\/a><\/p>\n<hr \/>\n<p><span style=\"color: #ff0000;\"><strong>Hostel Barra\u00a0\u00a0<\/strong><\/span><\/p>\n<p><strong>Dist\u00e2ncia:<\/strong> 3.6km de Wish Hotel da Bahia<\/p>\n<p><strong>Avalia\u00e7\u00e3o:<\/strong> 8.8<\/p>\n<p><strong>Bairro:<\/strong> Barra<\/p>\n<p><strong>Di\u00e1ria:<\/strong> R$ 77,00<\/p>\n<p><a href=\"https:\/\/www.booking.com\/hotel\/br\/hostel-barra.en-gb.html?aid=2311236&amp;label=en-br-booking-desktop-K92x9mXw5Zb1mRLZCF7AqAS652796015976%3Apl%3Ata%3Ap1%3Ap2%3Aac%3Aap%3Aneg%3Afi%3Atikwd-65526620%3Alp9198184%3Ali%3Adec%3Adm&amp;sid=602df1955953d95e2a8ebd8ad867c390&amp;all_sr_blocks=35622228_334435387_0_2_0_763389&amp;checkin=2025-11-20&amp;checkout=2025-11-24&amp;dest_id=-667833&amp;dest_type=city&amp;dist=0&amp;group_adults=1&amp;group_children=0&amp;hapos=17&amp;highlighted_blocks=35622228_334435387_0_2_0_763389&amp;hpos=17&amp;matching_block_id=35622228_334435387_0_2_0_763389&amp;nflt=ht_id%3D204%3Bht_id%3D203&amp;no_rooms=1&amp;req_adults=1&amp;req_children=0&amp;room1=A&amp;sb_price_type=total&amp;sr_order=popularity&amp;sr_pri_blocks=35622228_334435387_0_2_0_763389_27540&amp;srepoch=1744737911&amp;srpvid=d4b276bc96ba00e0&amp;type=total&amp;ucfs=1&amp;\">Reserve<\/a><\/p>\n<hr \/>\n<p><span style=\"color: #ff0000;\"><strong>Nomads Hostel Multicultural &amp; Coworking<\/strong><\/span><\/p>\n<p><strong>Dist\u00e2ncia:<\/strong> 3.4km de Wish Hotel da Bahia<\/p>\n<p><strong>Avalia\u00e7\u00e3o:<\/strong> 9.2<\/p>\n<p><strong>Bairro:<\/strong> Barra<\/p>\n<p><strong>Di\u00e1ria:<\/strong> R$ 103,00<\/p>\n<p><a href=\"https:\/\/www.booking.com\/hotel\/br\/nomads.en-gb.html?aid=2311236&amp;label=en-br-booking-desktop-K92x9mXw5Zb1mRLZCF7AqAS652796015976%3Apl%3Ata%3Ap1%3Ap2%3Aac%3Aap%3Aneg%3Afi%3Atikwd-65526620%3Alp9198184%3Ali%3Adec%3Adm&amp;sid=602df1955953d95e2a8ebd8ad867c390&amp;all_sr_blocks=615645208_407217325_0_0_0&amp;checkin=2025-11-20&amp;checkout=2025-11-24&amp;dest_id=-667833&amp;dest_type=city&amp;dist=0&amp;group_adults=1&amp;group_children=0&amp;hapos=8&amp;highlighted_blocks=615645208_407217325_0_0_0&amp;hpos=8&amp;matching_block_id=615645208_407217325_0_0_0&amp;nflt=ht_id%3D204%3Bht_id%3D203&amp;no_rooms=1&amp;req_adults=1&amp;req_children=0&amp;room1=A&amp;sb_price_type=total&amp;sr_order=popularity&amp;sr_pri_blocks=615645208_407217325_0_0_0__43200&amp;srepoch=1744737911&amp;srpvid=d4b276bc96ba00e0&amp;type=total&amp;ucfs=1&amp;\">Reserve<\/a><\/p>\n<p>&nbsp;<\/p>\n<hr \/>\n<h3><\/h3>\n<h3><span style=\"color: #ff0000;\">ROTEIRO T|UR\u00cdSTICO<\/span><\/h3>\n<p><span style=\"font-weight: 400;\">Nossas Jornadas se aproximam e, junto delas, o desejo de partilhar tamb\u00e9m algo da cidade que nos acolhe. Salvador \u00e9 sempre mais do que cen\u00e1rio: \u00e9 corpo, mar, mem\u00f3ria e canto. Por isso, preparamos um<\/span><b> tour<\/b><span style=\"font-weight: 400;\">\u00a0\u2014 um convite para se deixar atravessar pelo charme de suas ruas, seus museus e seus encontros.<\/span><\/p>\n<p><span style=\"font-weight: 400;\">Partimos do cora\u00e7\u00e3o da Vit\u00f3ria, onde o\u00a0<\/span><b>Museu de Arte da Bahia (MAB)<\/b><span style=\"font-weight: 400;\">\u00a0(Av. Sete de Setembro, 2340) abre portas para pinturas que guardam a mem\u00f3ria da cidade. Seguindo adiante, o\u00a0<\/span><b>Museu Afro-Brasileiro<\/b><span style=\"font-weight: 400;\">\u00a0exp\u00f5e m\u00e1scaras, esculturas e tecidos que testemunham a for\u00e7a da ancestralidade africana.<\/span><\/p>\n<p><span style=\"font-weight: 400;\">No bairro da Gra\u00e7a, o\u00a0<\/span><b>MAC Bahia \u2013 Museu de Arte Contempor\u00e2nea da Bahia<\/b><span style=\"font-weight: 400;\">\u00a0(antigo Palacete das Artes, Rua da Gra\u00e7a, 284) guarda exposi\u00e7\u00f5es que respiram o contempor\u00e2neo em di\u00e1logo com a tradi\u00e7\u00e3o. No mesmo casar\u00e3o, o\u00a0<\/span><b>Preta Bistr\u00f4<\/b><span style=\"font-weight: 400;\">\u00a0oferece sabores autorais em ambiente delicado, tornando a pausa uma experi\u00eancia de arte e gastronomia.<\/span><\/p>\n<p><span style=\"font-weight: 400;\">O caminho nos leva \u00e0 beira da ba\u00eda: o\u00a0<\/span><b>Solar do Unh\u00e3o<\/b><span style=\"font-weight: 400;\">, patrim\u00f4nio hist\u00f3rico, abriga o\u00a0<\/span><b>Museu de Arte Moderna da Bahia (MAM)<\/b><span style=\"font-weight: 400;\">\u00a0(Av. Lafayete Coutinho, s\/n). Ali, a arte dialoga com o mar \u2014 e, nos finais de tarde, o p\u00f4r do sol se torna espet\u00e1culo.<\/span><\/p>\n<p><span style=\"font-weight: 400;\">Na cidade baixa, o\u00a0<\/span><b>Museu da M\u00fasica da Bahia<\/b><span style=\"font-weight: 400;\">\u00a0(Pra\u00e7a Visconde de Cayru, 19) convida a ouvir a pr\u00f3pria alma sonora da cidade, e, logo ao lado, a\u00a0<\/span><b>Feira de S\u00e3o Joaquim<\/b><span style=\"font-weight: 400;\">\u00a0(Av. Oscar Pontes, s\/n) revela cores, aromas e sabores populares, onde a Bahia pulsa em sua forma mais viva.<\/span><\/p>\n<p><span style=\"font-weight: 400;\">Subindo ao Centro Hist\u00f3rico, o\u00a0<\/span><b>Museu da Miseric\u00f3rdia<\/b><span style=\"font-weight: 400;\">\u00a0(Rua da Miseric\u00f3rdia, 6 \u2013 Pra\u00e7a da S\u00e9) guarda rel\u00edquias coloniais e mem\u00f3rias da Santa Casa, emoldurado por janelas que se abrem para o Terreiro de Jesus e a Ba\u00eda de Todos os Santos.<\/span><\/p>\n<p><span style=\"font-weight: 400;\">E porque Salvador tamb\u00e9m se escreve na casa dos artistas, o\u00a0<\/span><b>Espa\u00e7o Caryb\u00e9 de Artes<\/b><span style=\"font-weight: 400;\">\u00a0(Forte S\u00e3o Diogo, Barra) e a\u00a0<\/span><b>Casa do Rio Vermelho<\/b><span style=\"font-weight: 400;\">\u00a0(de Jorge Amado e Z\u00e9lia Gattai) s\u00e3o paradas imperd\u00edveis.<\/span><\/p>\n<p><span style=\"color: #ff0000;\"><b>Pausas e encontros<\/b><\/span><\/p>\n<p><span style=\"font-weight: 400;\">Para acolher o corpo e a palavra entre uma visita e outra, Salvador se abre em caf\u00e9s charmosos:<\/span><\/p>\n<ul>\n<li style=\"font-weight: 400;\" aria-level=\"1\"><span style=\"font-weight: 400;\">No Campo Grande, o\u00a0<\/span><b>Caf\u00e9 Teatro<\/b><span style=\"font-weight: 400;\">, dentro do Teatro Castro Alves, ponto de encontro no cora\u00e7\u00e3o cultural da cidade.<\/span><\/li>\n<li style=\"font-weight: 400;\" aria-level=\"1\"><span style=\"font-weight: 400;\">No corredor da Vit\u00f3ria, o\u00a0<\/span><b>Vit\u00f3ria Boulevard<\/b><span style=\"font-weight: 400;\">, ao lado de outras op\u00e7\u00f5es tradicionais como o\u00a0<\/span><b>Velho Espanha <\/b><span style=\"font-weight: 400;\">(pr\u00f3ximo \u00e0 Biblioteca Central).<\/span><\/li>\n<li style=\"font-weight: 400;\" aria-level=\"1\"><span style=\"font-weight: 400;\">Ainda na Vit\u00f3ria, o\u00a0<\/span><b>Coffeetown Salvador<\/b><span style=\"font-weight: 400;\">\u00a0oferece brunch delicado e caf\u00e9s especiais.<\/span><\/li>\n<li style=\"font-weight: 400;\" aria-level=\"1\"><span style=\"font-weight: 400;\">Na Gra\u00e7a, o\u00a0<\/span><b>Solange Caf\u00e9<\/b><span style=\"font-weight: 400;\">\u00a0e o\u00a0<\/span><b>Cardamomo Caf\u00e9<\/b><span style=\"font-weight: 400;\">\u00a0guardam ambientes aconchegantes, ideais para uma pausa.<\/span><\/li>\n<li style=\"font-weight: 400;\" aria-level=\"1\"><span style=\"font-weight: 400;\">Tamb\u00e9m no entorno, o\u00a0<\/span><b>S\u00eamola Caf\u00e9 &amp; Brunch<\/b><span style=\"font-weight: 400;\">\u00a0\u00e9 refer\u00eancia para um caf\u00e9 da manh\u00e3 caprichado.<\/span><\/li>\n<li style=\"font-weight: 400;\" aria-level=\"1\"><span style=\"font-weight: 400;\">Na Barra, a\u00a0<\/span><b>Casa Castanho<\/b><span style=\"font-weight: 400;\">\u00a0(Av. Princesa Isabel, 48, pr\u00f3ximo ao Porto) abre suas portas em casar\u00e3o acolhedor, e a j\u00e1 querida unidade do\u00a0<\/span><b>Caf\u00e9 Castanho<\/b><span style=\"font-weight: 400;\">\u00a0segue sendo ref\u00fagio afetivo.<\/span><\/li>\n<li style=\"font-weight: 400;\" aria-level=\"1\"><span style=\"font-weight: 400;\">O\u00a0<\/span><b>Dona X\u00edcara<\/b><span style=\"font-weight: 400;\">, igualmente na Barra, \u00e9 lembrado por brunchs saborosos.<\/span><\/li>\n<li style=\"font-weight: 400;\" aria-level=\"1\"><span style=\"font-weight: 400;\">O\u00a0<\/span><b>Latitude 13<\/b><span style=\"font-weight: 400;\">\u00a0traz caf\u00e9s especiais para os apaixonados por aromas e m\u00e9todos.<\/span><\/li>\n<li style=\"font-weight: 400;\" aria-level=\"1\"><span style=\"font-weight: 400;\">O\u00a0<\/span><b>Tortarelli Caf\u00e9<\/b><span style=\"font-weight: 400;\">\u00a0completa o leque, com ambiente leve e saboroso.<\/span><\/li>\n<li style=\"font-weight: 400;\" aria-level=\"1\"><span style=\"font-weight: 400;\">E, no Santo Ant\u00f4nio Al\u00e9m do Carmo, o\u00a0<\/span><b>Caf\u00e9lier<\/b><span style=\"font-weight: 400;\">\u00a0brinda com sua varanda voltada para a Ba\u00eda de Todos os Santos.<\/span><\/li>\n<\/ul>\n<p><span style=\"color: #ff0000;\"><b>Mar e respiro<\/b><\/span><\/p>\n<p><span style=\"font-weight: 400;\">Para mergulhar, a cidade abre caminhos seguros:<\/span><\/p>\n<ul>\n<li style=\"font-weight: 400;\" aria-level=\"1\"><span style=\"font-weight: 400;\">a entrada pelo\u00a0<\/span><b>Iate Clube da Bahia<\/b><span style=\"font-weight: 400;\">,<\/span><\/li>\n<li style=\"font-weight: 400;\" aria-level=\"1\"><span style=\"font-weight: 400;\">o\u00a0<\/span><b>Mahi Mahi<\/b><span style=\"font-weight: 400;\">\u00a0(localizado no Sol Victoria Marina) \u2014 espa\u00e7o de lazer que oferece\u00a0<\/span><b>deck sobre o mar, piscina, servi\u00e7o de restaurante \u00e0 beira d\u2019\u00e1gua, acesso via p\u00eder e day use<\/b><span style=\"font-weight: 400;\">\u00a0para visitantes, permitindo que se mergulhe, descanse ou desfrute de um almo\u00e7o com vista privilegiada.<\/span><\/li>\n<li style=\"font-weight: 400;\" aria-level=\"1\"><span style=\"font-weight: 400;\">\u00a0o Porto e o Farol da Barra, al\u00e9m dos pontos de canoagem na Ba\u00eda de Todos os Santos.<\/span><\/li>\n<\/ul>\n<p><span style=\"font-weight: 400;\">E mesmo junto ao\u00a0<\/span><b>MAM e Solar do Unh\u00e3o<\/b><span style=\"font-weight: 400;\">, h\u00e1 espa\u00e7o de orla que convida ao banho \u2014 ainda que, por vezes, seja mais prudente buscar as \u00e1guas claras da Barra ou de Ondina.<\/span><\/p>\n<p><span style=\"color: #ff0000;\"><b>Sabores e noites<\/b><\/span><\/p>\n<p><span style=\"font-weight: 400;\">O\u00a0<\/span><b>Rio Vermelho<\/b><span style=\"font-weight: 400;\">\u00a0\u00e9 festa para os sentidos: do acaraj\u00e9 da Dinha, Cira e Rengina \u00e0s noites de bares no Largo da Mariquita.<\/span><\/p>\n<p><span style=\"font-weight: 400;\">A\u00a0<\/span><b>Bahia Marina<\/b><span style=\"font-weight: 400;\">\u00a0e a\u00a0<\/span><b>Gamboa de Baixo<\/b><span style=\"font-weight: 400;\">\u00a0re\u00fanem mesas \u00e0 beira-mar, onde o tempo se suspende.<\/span><span style=\"font-weight: 400;\"><br \/>\n<\/span><span style=\"font-weight: 400;\">E, quando a noite se alonga, o Pelourinho, os pubs do Rio Vermelho e rodas de samba espalhadas pela cidade garantem que a m\u00fasica n\u00e3o cesse.<\/span><\/p>\n<p><b>Nosso convite<\/b><span style=\"font-weight: 400;\">\u00a0\u00e9 que se deixem conduzir por esse percurso: do museu ao mar, do caf\u00e9 \u00e0 feira, do sil\u00eancio de um acervo \u00e0 vibra\u00e7\u00e3o de uma roda de m\u00fasica. Salvador n\u00e3o se visita, Salvador se experimenta.<\/span><\/p>\n<p><span style=\"font-weight: 400;\">Nos vemos logo mais,<\/span><\/p>\n<p><span style=\"font-weight: 400;\"><br \/>\n<\/span><em>Comiss\u00e3o de Acolhimento<\/em><\/p>\n<p>&nbsp;<\/p>\n<h3><span style=\"color: #ff0000;\"><strong>RESTAURANTES E DIST\u00c2NCIA DO WISH (COM TEMPO APROXIMADO DE DESCLOCAMENTO)<\/strong><\/span><\/h3>\n<p><strong>Genaro<\/strong> \u2013 dentro do Wish<\/p>\n<p><strong>Point Campo Grande<\/strong> \u2013 30m, 1 minutos a p\u00e9<\/p>\n<p><strong>Bar Quintal<\/strong> (aberto para almo\u00e7o aos finais de semana) \u2013 130m, 2 minutos a p\u00e9<\/p>\n<p><strong>Coffeetow<\/strong>n \u2013 270m, 4 minutos a p\u00e9<\/p>\n<p><strong>Caza<\/strong> \u2013 350m, 5 minutos a p\u00e9<\/p>\n<p><strong>Tortarelli<\/strong> \u2013 350m, 5 minutos a p\u00e9<\/p>\n<p><strong>Mairoca<\/strong> \u2013 1.1km, 3 minutos de carro<\/p>\n<p><strong>McDonald\u2019s<\/strong> \u2013 1.3km, 3 minutos de carro<\/p>\n<p><strong>Di Mercatto (self service)<\/strong> \u2013 1.4km, 3 minutos de carro<\/p>\n<p><strong>Mistura Contorno<\/strong> \u2013 1.4km, 3 minutos de carro<\/p>\n<p><strong>Sushi Solar<\/strong> \u2013 1.4km, 3 minutos de carro<\/p>\n<p><strong>Chez Bernard<\/strong> \u2013 1.4km, 3 minutos de carro<\/p>\n<p><strong>Puro Saud\u00e1vel<\/strong> \u2013 1.4km, 4 minutos de carro<\/p>\n<p><strong>Canela e Cia (restaurante a kg)<\/strong> \u2013 1.5km, 4 minutos de carro<\/p>\n<p><strong>Veleiro<\/strong> \u2013 1.8km, 5 minutos de carro<\/p>\n<p><strong>Larriquerri<\/strong> \u2013 1.2km, 5 minutos de carro<\/p>\n<p><strong>Lafayette<\/strong> \u2013 2.1km, 5 minutos de carro<\/p>\n<p><strong>Soho<\/strong> \u2013 2.1km, 5 minutos de carro<\/p>\n<p><strong>Lotti<\/strong> \u2013 2.1km, 5 minutos de carro<\/p>\n<p><strong>Bagacinho Boteco (aberto para almo\u00e7o aos finais de semana)<\/strong> \u2013 2.7km, 5 minutos de carro<\/p>\n<p><strong>Gero<\/strong> \u2013 1.9km, 7 minutos de carro<\/p>\n<p><strong>Mignon (restaurante a kg)<\/strong> \u2013 2.2km, 7 minutos de carro<\/p>\n<p><strong>Vona<\/strong> \u2013 2.8km, 7 minutos de carro<\/p>\n<p><strong>Shopping Barra<\/strong> \u2013 3km, 7 minutos de carro<\/p>\n<p><strong>Cozinha Sorriso<\/strong> \u2013 2.8km, 9 minutos de carro<\/p>\n<p><strong>Preta Tirachap\u00e9u<\/strong> \u2013 2.6km, 11 minutos de carro<\/p>\n<p><strong>D\u2019venetta<\/strong> \u2013 5.9km, 12 minutos de carro<\/p>\n<p><strong>Por\u00f3<\/strong> \u2013 6km, 13 minutos de carro<\/p>\n<p><strong>Zanzibar<\/strong> \u2013 6.4km, 15 minutos de carro<\/p>\n<p>&nbsp;<\/p>\n<p><strong>Caf\u00e9s e dist\u00e2ncia do Wish (com tempo aproximado de deslocamento)<\/strong><\/p>\n<p><strong>Coffetown<\/strong> \u2013 270m, 4 minutos a p\u00e9<\/p>\n<p><strong>Tortarelli<\/strong> \u2013 350m, 5 minutos a p\u00e9<\/p>\n<p><strong>A Gauchinh<\/strong>a \u2013 950m, 3 minutos de carro<\/p>\n<p><strong>Larribistr\u00f4<\/strong> \u2013 1.2km, 4 minutos de carro<\/p>\n<p><strong>Mairoca<\/strong> \u2013 1.1km, 3 minutos de carro<\/p>\n<p><strong>Caf\u00e9 Cardamomo<\/strong> \u2013 1.4km, 5 minutos de carro<\/p>\n<p><strong>Casa Castanho<\/strong> \u2013 2.2km, 8 minutos de carro<\/p>\n<p><strong>Casaria<\/strong> \u2013 2.2km, 8 minutos de carro<\/p>\n<p><strong>Pad\u00f3<\/strong> \u2013 2.3km, 8 minutos de carro<\/p>\n<p>&nbsp;<\/p>\n<p>[\/vc_column_text][\/vc_column][\/vc_row]<\/p>\n<\/div>","protected":false},"excerpt":{"rendered":"<p>[vc_row][vc_column][vc_column_text css=&#8221;&#8221;] HOSPEDAGEM WISH HOTEL DA BAHIA As reservas\u00a0devem\u00a0ser feitas atrav\u00e9s do\u00a0site do hotel e inserir o\u00a0promocode\u00a0(EBPBAHIA) para que seja aplicado o\u00a0desconto. \u00a0 Segue abaixo o passo a passo para a utiliza\u00e7\u00e3o do\u00a0promocode\u00a0pelo site: \u00a0 Passo 1:\u00a0Acesse o site\u00a0https:\/\/www.grupowish.com\/wish-hotel-da-bahia \u00a0 Passo 2:\u00a0Selecione o hotel\u00a0Wish Hotel da Bahia, coloque o\u00a0per\u00edodo que deseja se hospedar (datas no&hellip;<\/p>\n","protected":false},"author":1,"featured_media":0,"parent":0,"menu_order":0,"comment_status":"closed","ping_status":"closed","template":"","meta":{"footnotes":""},"class_list":["post-57635","page","type-page","status-publish","hentry","description-off"],"_links":{"self":[{"href":"https:\/\/ebpbahia.com.br\/jornadas\/2025\/wp-json\/wp\/v2\/pages\/57635","targetHints":{"allow":["GET"]}}],"collection":[{"href":"https:\/\/ebpbahia.com.br\/jornadas\/2025\/wp-json\/wp\/v2\/pages"}],"about":[{"href":"https:\/\/ebpbahia.com.br\/jornadas\/2025\/wp-json\/wp\/v2\/types\/page"}],"author":[{"embeddable":true,"href":"https:\/\/ebpbahia.com.br\/jornadas\/2025\/wp-json\/wp\/v2\/users\/1"}],"replies":[{"embeddable":true,"href":"https:\/\/ebpbahia.com.br\/jornadas\/2025\/wp-json\/wp\/v2\/comments?post=57635"}],"version-history":[{"count":8,"href":"https:\/\/ebpbahia.com.br\/jornadas\/2025\/wp-json\/wp\/v2\/pages\/57635\/revisions"}],"predecessor-version":[{"id":57860,"href":"https:\/\/ebpbahia.com.br\/jornadas\/2025\/wp-json\/wp\/v2\/pages\/57635\/revisions\/57860"}],"wp:attachment":[{"href":"https:\/\/ebpbahia.com.br\/jornadas\/2025\/wp-json\/wp\/v2\/media?parent=57635"}],"curies":[{"name":"wp","href":"https:\/\/api.w.org\/{rel}","templated":true}]}}