{"id":57612,"date":"2025-03-30T08:14:12","date_gmt":"2025-03-30T11:14:12","guid":{"rendered":"https:\/\/ebpbahia.com.br\/jornadas\/2025\/?page_id=57612"},"modified":"2025-05-12T07:32:35","modified_gmt":"2025-05-12T10:32:35","slug":"apresentacao","status":"publish","type":"page","link":"https:\/\/ebpbahia.com.br\/jornadas\/2025\/apresentacao\/","title":{"rendered":"Apresenta\u00e7\u00e3o"},"content":{"rendered":"<div class=\"wpb-content-wrapper\"><p>[vc_row][vc_column][vc_column_text css=&#8221;&#8221;]<\/p>\n<h3><strong>XXIX Jornada da Escola Brasileira de Psican\u00e1lise \u2013 Se\u00e7\u00e3o Bahia<\/strong><\/h3>\n<h3><span style=\"color: #ff0000;\"><strong><em>Entrada em an\u00e1lise: as entrevistas preliminares<\/em><\/strong><\/span><\/h3>\n<p><span style=\"color: #ff0000;\"><strong>21 e 22 de novembro de 2025<\/strong><\/span><br \/>\n<span style=\"color: #ff0000;\"><strong>Salvador \u2013 Bahia<\/strong><\/span><\/p>\n<p>A Se\u00e7\u00e3o Bahia da Escola Brasileira de Psican\u00e1lise realiza, nos dias 21 e 22 de novembro de 2025, sua XXIX Jornada, com o tema <strong>\u201cEntrada em an\u00e1lise: as entrevistas preliminares\u201d<\/strong>.<\/p>\n<p>Esse momento inaugural da experi\u00eancia anal\u00edtica \u2014 as entrevistas preliminares \u2014 \u00e9 uma das chaves de entrada para o trabalho com o inconsciente. Ao interrogar a demanda e escutar o que do sintoma se apresenta, o analista acolhe o sujeito em sua singularidade, oferecendo um tempo e um espa\u00e7o para que algo do sofrimento possa se dizer de outra forma.<\/p>\n<p>O tema se inscreve no horizonte de uma quest\u00e3o central para a psican\u00e1lise hoje: como sustentar a forma\u00e7\u00e3o dos analistas no s\u00e9culo XXI, sem ceder \u00e0 dilui\u00e7\u00e3o da pr\u00e1tica psicanal\u00edtica no amplo mercado das psicoterapias? A escuta do inconsciente freudiano permanece, nesse contexto, como o eixo que orienta nossa pr\u00e1tica.<\/p>\n<p>Contaremos com a presen\u00e7a da psicanalista <strong>Esthela Solano-Suarez<\/strong>, AME da Associa\u00e7\u00e3o Mundial de Psican\u00e1lise, autora do livro <em>3 segundos com Lacan<\/em>, cuja tradu\u00e7\u00e3o para o portugu\u00eas ser\u00e1 lan\u00e7ada durante a Jornada.<\/p>\n<p><strong>Salvador<\/strong>, com sua paisagem viva e hist\u00f3rica, nos recebe como lugar de encontros e travessias. \u00c9 tamb\u00e9m, simbolicamente, um espa\u00e7o de abertura \u2014 prop\u00edcio para pensar o in\u00edcio de um processo anal\u00edtico, em di\u00e1logo com os desafios atuais da cl\u00ednica e da civiliza\u00e7\u00e3o.<\/p>\n<p>Em novembro, o ver\u00e3o baiano j\u00e1 se anuncia. Esperamos voc\u00eas para dois dias de trabalho, escuta e interlocu\u00e7\u00e3o.<\/p>\n<p><strong>Todas as informa\u00e7\u00f5es sobre inscri\u00e7\u00f5es, programa\u00e7\u00e3o e localiza\u00e7\u00e3o est\u00e3o dispon\u00edveis aqui no site. Seja bem-vindo!<\/strong>[\/vc_column_text][\/vc_column][\/vc_row]<\/p>\n<\/div>","protected":false},"excerpt":{"rendered":"<p>[vc_row][vc_column][vc_column_text css=&#8221;&#8221;] XXIX Jornada da Escola Brasileira de Psican\u00e1lise \u2013 Se\u00e7\u00e3o Bahia Entrada em an\u00e1lise: as entrevistas preliminares 21 e 22 de novembro de 2025 Salvador \u2013 Bahia A Se\u00e7\u00e3o Bahia da Escola Brasileira de Psican\u00e1lise realiza, nos dias 21 e 22 de novembro de 2025, sua XXIX Jornada, com o tema \u201cEntrada em an\u00e1lise:&hellip;<\/p>\n","protected":false},"author":1,"featured_media":0,"parent":0,"menu_order":0,"comment_status":"closed","ping_status":"closed","template":"","meta":{"footnotes":""},"class_list":["post-57612","page","type-page","status-publish","hentry","description-off"],"_links":{"self":[{"href":"https:\/\/ebpbahia.com.br\/jornadas\/2025\/wp-json\/wp\/v2\/pages\/57612","targetHints":{"allow":["GET"]}}],"collection":[{"href":"https:\/\/ebpbahia.com.br\/jornadas\/2025\/wp-json\/wp\/v2\/pages"}],"about":[{"href":"https:\/\/ebpbahia.com.br\/jornadas\/2025\/wp-json\/wp\/v2\/types\/page"}],"author":[{"embeddable":true,"href":"https:\/\/ebpbahia.com.br\/jornadas\/2025\/wp-json\/wp\/v2\/users\/1"}],"replies":[{"embeddable":true,"href":"https:\/\/ebpbahia.com.br\/jornadas\/2025\/wp-json\/wp\/v2\/comments?post=57612"}],"version-history":[{"count":4,"href":"https:\/\/ebpbahia.com.br\/jornadas\/2025\/wp-json\/wp\/v2\/pages\/57612\/revisions"}],"predecessor-version":[{"id":57614,"href":"https:\/\/ebpbahia.com.br\/jornadas\/2025\/wp-json\/wp\/v2\/pages\/57612\/revisions\/57614"}],"wp:attachment":[{"href":"https:\/\/ebpbahia.com.br\/jornadas\/2025\/wp-json\/wp\/v2\/media?parent=57612"}],"curies":[{"name":"wp","href":"https:\/\/api.w.org\/{rel}","templated":true}]}}